{"id":1584,"date":"2024-05-28T11:37:28","date_gmt":"2024-05-28T10:37:28","guid":{"rendered":"https:\/\/offy.pt\/?page_id=1584"},"modified":"2024-11-22T11:15:50","modified_gmt":"2024-11-22T11:15:50","slug":"cadeiras-escritorio-elya","status":"publish","type":"page","link":"https:\/\/offy.pt\/index.php\/cadeiras-escritorio-elya\/","title":{"rendered":"Elya &#8211; PT"},"content":{"rendered":"[vc_row type=&#8221;in_container&#8221; full_screen_row_position=&#8221;middle&#8221; scene_position=&#8221;center&#8221; text_color=&#8221;dark&#8221; text_align=&#8221;left&#8221; overlay_strength=&#8221;0.3&#8243; shape_divider_position=&#8221;bottom&#8221; bg_image_animation=&#8221;none&#8221; shape_type=&#8221;&#8221;][vc_column column_padding=&#8221;no-extra-padding&#8221; column_padding_position=&#8221;all&#8221; background_color_opacity=&#8221;1&#8243; background_hover_color_opacity=&#8221;1&#8243; column_link_target=&#8221;_self&#8221; column_shadow=&#8221;none&#8221; column_border_radius=&#8221;none&#8221; width=&#8221;1\/1&#8243; tablet_width_inherit=&#8221;default&#8221; tablet_text_alignment=&#8221;default&#8221; phone_text_alignment=&#8221;default&#8221; column_border_width=&#8221;none&#8221; column_border_style=&#8221;solid&#8221; bg_image_animation=&#8221;none&#8221;][vc_gallery type=&#8221;flickity_style&#8221; images=&#8221;1569,1570,1571,1573&#8243; flickity_controls=&#8221;pagination&#8221; flickity_desktop_columns=&#8221;3&#8243; flickity_small_desktop_columns=&#8221;3&#8243; flickity_tablet_columns=&#8221;1&#8243; flickity_autoplay=&#8221;true&#8221; flickity_box_shadow=&#8221;none&#8221; onclick=&#8221;link_image&#8221; img_size=&#8221;full&#8221;][\/vc_column][\/vc_row][vc_row type=&#8221;in_container&#8221; full_screen_row_position=&#8221;middle&#8221; scene_position=&#8221;center&#8221; text_color=&#8221;dark&#8221; text_align=&#8221;center&#8221; top_padding=&#8221;20&#8243; bottom_padding=&#8221;20&#8243; overlay_strength=&#8221;0.3&#8243; shape_divider_position=&#8221;bottom&#8221; bg_image_animation=&#8221;none&#8221; shape_type=&#8221;waves_opacity_alt&#8221;][vc_column column_padding=&#8221;no-extra-padding&#8221; column_padding_position=&#8221;all&#8221; background_color_opacity=&#8221;1&#8243; background_hover_color_opacity=&#8221;1&#8243; column_link_target=&#8221;_self&#8221; column_shadow=&#8221;none&#8221; column_border_radius=&#8221;none&#8221; width=&#8221;1\/1&#8243; tablet_width_inherit=&#8221;default&#8221; tablet_text_alignment=&#8221;default&#8221; phone_text_alignment=&#8221;default&#8221; column_border_width=&#8221;none&#8221; column_border_style=&#8221;solid&#8221; bg_image_animation=&#8221;none&#8221;][vc_column_text]\n<h1 style=\"text-align: center;\">ELYA<\/h1>\n[\/vc_column_text][vc_column_text]\n<h3 style=\"text-align: center;\"><span style=\"color: #009cdb;\">Conforto m\u00e1ximo e ajuste perfeito com suporte ergon\u00f3mico ideal<\/span><\/h3>\n[\/vc_column_text][\/vc_column][\/vc_row][vc_row type=&#8221;full_width_background&#8221; full_screen_row_position=&#8221;middle&#8221; equal_height=&#8221;yes&#8221; content_placement=&#8221;middle&#8221; scene_position=&#8221;center&#8221; text_color=&#8221;dark&#8221; text_align=&#8221;left&#8221; top_padding=&#8221;20&#8243; bottom_padding=&#8221;40&#8243; overlay_strength=&#8221;0.3&#8243; shape_divider_position=&#8221;bottom&#8221; bg_image_animation=&#8221;none&#8221; shape_type=&#8221;&#8221;][vc_column column_padding=&#8221;padding-2-percent&#8221; column_padding_position=&#8221;left&#8221; background_color_opacity=&#8221;1&#8243; background_hover_color_opacity=&#8221;1&#8243; column_link_target=&#8221;_self&#8221; column_shadow=&#8221;none&#8221; column_border_radius=&#8221;none&#8221; width=&#8221;3\/5&#8243; tablet_width_inherit=&#8221;default&#8221; tablet_text_alignment=&#8221;default&#8221; phone_text_alignment=&#8221;default&#8221; column_border_width=&#8221;none&#8221; column_border_style=&#8221;solid&#8221; bg_image_animation=&#8221;none&#8221; enable_animation=&#8221;true&#8221; animation=&#8221;fade-in-from-bottom&#8221;][vc_column_text]Para profissionais que exigem grande conforto e flexibilidade, a Offy Elya oferece uma solu\u00e7\u00e3o aprimorada. Com um assento de espuma, bra\u00e7os ajust\u00e1veis e encosto com altura regul\u00e1vel proporciona \u00f3timo suporte para uso prolongado.[\/vc_column_text][\/vc_column][vc_column column_padding=&#8221;no-extra-padding&#8221; column_padding_position=&#8221;top-bottom&#8221; background_color_opacity=&#8221;1&#8243; background_hover_color_opacity=&#8221;1&#8243; font_color=&#8221;#009cdb&#8221; column_link_target=&#8221;_self&#8221; column_shadow=&#8221;none&#8221; column_border_radius=&#8221;5px&#8221; width=&#8221;2\/5&#8243; tablet_width_inherit=&#8221;default&#8221; tablet_text_alignment=&#8221;default&#8221; phone_text_alignment=&#8221;default&#8221; column_border_width=&#8221;1px&#8221; column_border_color=&#8221;#009cdb&#8221; bg_image_animation=&#8221;none&#8221; enable_animation=&#8221;true&#8221; animation=&#8221;fade-in-from-bottom&#8221;][vc_column_text css=&#8221;.vc_custom_1717685556003{padding-top: 5% !important;padding-right: 5% !important;padding-bottom: 5% !important;padding-left: 5% !important;}&#8221;]Perfeita para qualquer ambiente de trabalho, a Offy Elya combina design ergon\u00f4mico com materiais respir\u00e1veis, melhorando tanto o conforto quanto a produtividade.[\/vc_column_text][\/vc_column][\/vc_row][vc_row type=&#8221;full_width_background&#8221; full_screen_row_position=&#8221;middle&#8221; equal_height=&#8221;yes&#8221; content_placement=&#8221;middle&#8221; bg_color=&#8221;#cfe6f6&#8243; scene_position=&#8221;center&#8221; text_color=&#8221;dark&#8221; text_align=&#8221;left&#8221; top_padding=&#8221;0&#8243; bottom_padding=&#8221;0&#8243; overlay_strength=&#8221;0.3&#8243; shape_divider_position=&#8221;bottom&#8221; bg_image_animation=&#8221;fade-in&#8221; shape_type=&#8221;&#8221;][vc_column column_padding=&#8221;padding-2-percent&#8221; column_padding_position=&#8221;all&#8221; background_color_opacity=&#8221;1&#8243; background_hover_color_opacity=&#8221;1&#8243; column_link_target=&#8221;_self&#8221; column_shadow=&#8221;none&#8221; column_border_radius=&#8221;none&#8221; top_margin=&#8221;0&#8243; bottom_margin=&#8221;0&#8243; width=&#8221;2\/5&#8243; tablet_width_inherit=&#8221;default&#8221; tablet_text_alignment=&#8221;default&#8221; phone_text_alignment=&#8221;default&#8221; column_border_width=&#8221;none&#8221; column_border_style=&#8221;solid&#8221; bg_image_animation=&#8221;none&#8221; enable_animation=&#8221;true&#8221; animation=&#8221;fade-in-from-bottom&#8221;][toggles style=&#8221;minimal&#8221; accordion=&#8221;true&#8221;][toggle color=&#8221;Accent-Color&#8221; title=&#8221;Especifica\u00e7\u00f5es&#8221;][vc_column_text]Peso m\u00e1ximo suportado: 120 Kg<br \/>\nElevador: G\u00e1s Classe 3<br \/>\nMateriais: malha respir\u00e1vel, tecidos, pl\u00e1stico, metal, espuma[\/vc_column_text][\/toggle][toggle color=&#8221;Default&#8221; title=&#8221;Ajustes&#8221;][vc_column_text]Ajuste do assento em altura: 9 cm<br \/>\nInclina\u00e7\u00e3o do encosto ajust\u00e1vel: Sim<br \/>\nEncosto com altura ajust\u00e1vel: Sim<br \/>\nBra\u00e7os 3D ajust\u00e1veis: Sim<br \/>\nEncosto de cabe\u00e7a ajust\u00e1vel: Sim[\/vc_column_text][\/toggle][toggle color=&#8221;Default&#8221; title=&#8221;Log\u00edstica&#8221;][vc_column_text]Peso l\u00edquido: 15.5 kg<br \/>\nPeso bruto: 19.6 kg<br \/>\nDimens\u00f5es da embalagem: 77 x 41 x 65 cm<br \/>\nSKU: OFFYELYA<br \/>\nEAN: 5600413206331[\/vc_column_text][\/toggle][\/toggles][\/vc_column][vc_column column_padding=&#8221;no-extra-padding&#8221; column_padding_position=&#8221;all&#8221; background_color_opacity=&#8221;1&#8243; background_hover_color_opacity=&#8221;1&#8243; column_link_target=&#8221;_self&#8221; column_shadow=&#8221;none&#8221; column_border_radius=&#8221;none&#8221; width=&#8221;1\/5&#8243; tablet_width_inherit=&#8221;default&#8221; tablet_text_alignment=&#8221;default&#8221; phone_text_alignment=&#8221;default&#8221; column_border_width=&#8221;none&#8221; column_border_style=&#8221;solid&#8221; bg_image_animation=&#8221;none&#8221;][\/vc_column][vc_column column_padding=&#8221;padding-2-percent&#8221; column_padding_position=&#8221;top-bottom&#8221; background_color_opacity=&#8221;1&#8243; background_hover_color_opacity=&#8221;1&#8243; column_link_target=&#8221;_self&#8221; column_shadow=&#8221;none&#8221; column_border_radius=&#8221;none&#8221; width=&#8221;2\/5&#8243; tablet_width_inherit=&#8221;default&#8221; tablet_text_alignment=&#8221;default&#8221; phone_text_alignment=&#8221;default&#8221; column_border_width=&#8221;none&#8221; column_border_style=&#8221;solid&#8221; bg_image_animation=&#8221;none&#8221; enable_animation=&#8221;true&#8221; animation=&#8221;fade-in-from-bottom&#8221;][vc_row_inner column_margin=&#8221;none&#8221; top_padding=&#8221;0&#8243; bottom_padding=&#8221;0&#8243; text_align=&#8221;left&#8221;][vc_column_inner column_padding=&#8221;no-extra-padding&#8221; column_padding_position=&#8221;all&#8221; background_color=&#8221;#ffffff&#8221; background_color_opacity=&#8221;1&#8243; background_hover_color_opacity=&#8221;1&#8243; column_shadow=&#8221;none&#8221; column_border_radius=&#8221;none&#8221; top_margin=&#8221;0&#8243; bottom_margin=&#8221;20&#8243; column_link_target=&#8221;_self&#8221; width=&#8221;1\/1&#8243; tablet_width_inherit=&#8221;default&#8221; column_border_width=&#8221;none&#8221; column_border_style=&#8221;solid&#8221; bg_image_animation=&#8221;none&#8221;][nectar_image_with_hotspots image=&#8221;1576&#8243; preview=&#8221;https:\/\/offy.pt\/wp-content\/uploads\/2024\/05\/offy_elya_hotspot.jpg&#8221; color_1=&#8221;Accent-Color&#8221; hotspot_icon=&#8221;plus_sign&#8221; tooltip=&#8221;hover&#8221; tooltip_shadow=&#8221;small_depth&#8221; animation=&#8221;true&#8221;][nectar_hotspot left=&#8221;58.6771%&#8221; top=&#8221;35.2607%&#8221; position=&#8221;top&#8221;]Altura e inclina\u00e7\u00e3o do encosto ajust\u00e1veis[\/nectar_hotspot][nectar_hotspot left=&#8221;28.3222%&#8221; top=&#8221;65.0278%&#8221; position=&#8221;top&#8221;]Altura ajust\u00e1vel[\/nectar_hotspot][nectar_hotspot left=&#8221;25.6165%&#8221; top=&#8221;17.8306%&#8221; position=&#8221;top&#8221;]Encosto com malha respir\u00e1vel[\/nectar_hotspot][nectar_hotspot left=&#8221;55.0399%&#8221; top=&#8221;10.4786%&#8221; position=&#8221;top&#8221;]Encosto de cabe\u00e7a com altura ajust\u00e1vel[\/nectar_hotspot][nectar_hotspot left=&#8221;77.7411%&#8221; top=&#8221;45.7207%&#8221; position=&#8221;top&#8221;]Bra\u00e7os 3D ajust\u00e1veis[\/nectar_hotspot][\/nectar_image_with_hotspots][\/vc_column_inner][\/vc_row_inner][\/vc_column][\/vc_row][vc_row type=&#8221;in_container&#8221; full_screen_row_position=&#8221;middle&#8221; scene_position=&#8221;center&#8221; text_color=&#8221;dark&#8221; text_align=&#8221;left&#8221; top_padding=&#8221;20&#8243; bottom_padding=&#8221;20&#8243; overlay_strength=&#8221;0.3&#8243; shape_divider_position=&#8221;bottom&#8221; bg_image_animation=&#8221;none&#8221; shape_type=&#8221;curve_opacity&#8221;][vc_column column_padding=&#8221;padding-2-percent&#8221; column_padding_position=&#8221;all&#8221; background_color_opacity=&#8221;1&#8243; background_hover_color_opacity=&#8221;1&#8243; column_link_target=&#8221;_self&#8221; column_shadow=&#8221;none&#8221; column_border_radius=&#8221;none&#8221; width=&#8221;3\/4&#8243; tablet_width_inherit=&#8221;default&#8221; tablet_text_alignment=&#8221;default&#8221; phone_text_alignment=&#8221;default&#8221; column_border_width=&#8221;none&#8221; column_border_style=&#8221;solid&#8221; bg_image_animation=&#8221;none&#8221; enable_animation=&#8221;true&#8221; animation=&#8221;fade-in-from-bottom&#8221;][vc_column_text]\n<h3><span style=\"color: #009cdb;\">DIMENS\u00d5ES DETALHADAS<\/span><\/h3>\n<h3><span style=\"color: #009cdb;\">\u00a0<\/span><\/h3>\n[\/vc_column_text][vc_row_inner equal_height=&#8221;yes&#8221; content_placement=&#8221;middle&#8221; column_margin=&#8221;default&#8221; text_align=&#8221;left&#8221;][vc_column_inner column_padding=&#8221;no-extra-padding&#8221; column_padding_position=&#8221;all&#8221; background_color_opacity=&#8221;1&#8243; background_hover_color_opacity=&#8221;1&#8243; column_shadow=&#8221;none&#8221; column_border_radius=&#8221;none&#8221; column_link_target=&#8221;_self&#8221; width=&#8221;1\/4&#8243; tablet_width_inherit=&#8221;default&#8221; column_border_width=&#8221;none&#8221; column_border_style=&#8221;solid&#8221; bg_image_animation=&#8221;none&#8221;][vc_column_text]<strong>A<\/strong> &#8211; 18 \u2013 23 cm<br \/>\n<strong>B<\/strong> &#8211; 49 cm<br \/>\n<strong>C<\/strong> &#8211; 46 cm<br \/>\n<strong>D<\/strong> &#8211; 27 \u2013 34 cm<br \/>\n<strong>E<\/strong> &#8211; 52 cm<br \/>\n<strong>F<\/strong> &#8211; 62 \u2013 69 cm<br \/>\n<strong>G<\/strong> &#8211; 123 \u2013 133 cm<br \/>\n<strong>H<\/strong> &#8211; 83 \u2013 94 cm<br \/>\n<strong>I<\/strong> &#8211; 55 cm<br \/>\n<strong>J<\/strong> &#8211; 43 \u2013 52 cm<br \/>\n<strong>L<\/strong> &#8211; 72 cm[\/vc_column_text][\/vc_column_inner][vc_column_inner column_padding=&#8221;no-extra-padding&#8221; column_padding_position=&#8221;all&#8221; background_color_opacity=&#8221;1&#8243; background_hover_color_opacity=&#8221;1&#8243; column_shadow=&#8221;none&#8221; column_border_radius=&#8221;none&#8221; column_link_target=&#8221;_self&#8221; width=&#8221;3\/4&#8243; tablet_width_inherit=&#8221;default&#8221; column_border_width=&#8221;none&#8221; column_border_style=&#8221;solid&#8221; bg_image_animation=&#8221;none&#8221;][image_with_animation image_url=&#8221;1578&#8243; alignment=&#8221;center&#8221; animation=&#8221;Fade In From Bottom&#8221; border_radius=&#8221;none&#8221; box_shadow=&#8221;none&#8221; max_width=&#8221;100%&#8221;][\/vc_column_inner][\/vc_row_inner][\/vc_column][vc_column column_padding=&#8221;padding-2-percent&#8221; column_padding_position=&#8221;all&#8221; background_color=&#8221;#e6f5fb&#8221; background_color_opacity=&#8221;1&#8243; background_hover_color_opacity=&#8221;1&#8243; column_link_target=&#8221;_self&#8221; column_shadow=&#8221;none&#8221; column_border_radius=&#8221;5px&#8221; top_margin=&#8221;5%&#8221; width=&#8221;1\/4&#8243; tablet_width_inherit=&#8221;default&#8221; tablet_text_alignment=&#8221;default&#8221; phone_text_alignment=&#8221;default&#8221; column_border_width=&#8221;none&#8221; column_border_color=&#8221;#009cdb&#8221; bg_image_animation=&#8221;none&#8221; enable_animation=&#8221;true&#8221; animation=&#8221;fade-in-from-bottom&#8221;][vc_column_text]\n<h3><span style=\"color: #009cdb;\">DOWNLOADS<\/span><\/h3>\n[\/vc_column_text][nectar_btn size=&#8221;large&#8221; open_new_tab=&#8221;true&#8221; button_style=&#8221;see-through-2&#8243; color_override=&#8221;#5c8191&#8243; hover_color_override=&#8221;#009cdb&#8221; hover_text_color_override=&#8221;#ffffff&#8221; icon_family=&#8221;fontawesome&#8221; url=&#8221;https:\/\/www.offy.pt\/downloads\/datasheets\/offy_elya_datasheet_PT.pdf&#8221; text=&#8221;Ficha Informativa&#8221; css_animation=&#8221;fadeInUp&#8221; margin_top=&#8221;30%&#8221; margin_bottom=&#8221;10%&#8221; icon_fontawesome=&#8221;fa fa-file-o&#8221;][nectar_btn size=&#8221;large&#8221; open_new_tab=&#8221;true&#8221; button_style=&#8221;see-through-2&#8243; color_override=&#8221;#5c8191&#8243; hover_color_override=&#8221;#009cdb&#8221; hover_text_color_override=&#8221;#ffffff&#8221; icon_family=&#8221;fontawesome&#8221; url=&#8221;https:\/\/www.offy.pt\/downloads\/images\/offy_elya.zip&#8221; text=&#8221;Imagens do produto&#8221; css_animation=&#8221;fadeInUp&#8221; icon_fontawesome=&#8221;fa fa-picture-o&#8221; margin_top=&#8221;10%&#8221; margin_bottom=&#8221;10%&#8221;][nectar_btn size=&#8221;large&#8221; open_new_tab=&#8221;true&#8221; button_style=&#8221;see-through-2&#8243; color_override=&#8221;#5c8191&#8243; hover_color_override=&#8221;#009cdb&#8221; hover_text_color_override=&#8221;#ffffff&#8221; icon_family=&#8221;fontawesome&#8221; url=&#8221;https:\/\/www.offy.pt\/downloads\/user_guides\/offy_elya_assembly_guide.pdf&#8221; text=&#8221;Guia do Utilizador&#8221; css_animation=&#8221;fadeInUp&#8221; margin_top=&#8221;10%&#8221; icon_fontawesome=&#8221;fa fa-wrench&#8221;][\/vc_column][\/vc_row]\n","protected":false},"excerpt":{"rendered":"<p>[vc_row type=&#8221;in_container&#8221; full_screen_row_position=&#8221;middle&#8221; scene_position=&#8221;center&#8221; text_color=&#8221;dark&#8221; text_align=&#8221;left&#8221; overlay_strength=&#8221;0.3&#8243; shape_divider_position=&#8221;bottom&#8221; bg_image_animation=&#8221;none&#8221; shape_type=&#8221;&#8221;][vc_column column_padding=&#8221;no-extra-padding&#8221; column_padding_position=&#8221;all&#8221; background_color_opacity=&#8221;1&#8243; background_hover_color_opacity=&#8221;1&#8243; column_link_target=&#8221;_self&#8221; column_shadow=&#8221;none&#8221; column_border_radius=&#8221;none&#8221; width=&#8221;1\/1&#8243; tablet_width_inherit=&#8221;default&#8221; tablet_text_alignment=&#8221;default&#8221; phone_text_alignment=&#8221;default&#8221; column_border_width=&#8221;none&#8221; column_border_style=&#8221;solid&#8221; bg_image_animation=&#8221;none&#8221;][vc_gallery type=&#8221;flickity_style&#8221; images=&#8221;1569,1570,1571,1573&#8243; flickity_controls=&#8221;pagination&#8221; flickity_desktop_columns=&#8221;3&#8243; flickity_small_desktop_columns=&#8221;3&#8243; flickity_tablet_columns=&#8221;1&#8243;&#8230;<\/p>\n","protected":false},"author":3,"featured_media":0,"parent":0,"menu_order":0,"comment_status":"closed","ping_status":"closed","template":"","meta":{"footnotes":""},"class_list":["post-1584","page","type-page","status-publish"],"yoast_head":"<!-- This site is optimized with the Yoast SEO plugin v27.4 - https:\/\/yoast.com\/product\/yoast-seo-wordpress\/ -->\n<title>Offy Elya: Cadeira de Escrit\u00f3rio em Malha respir\u00e1vel Ergon\u00f3mica<\/title>\n<meta name=\"description\" content=\"Aumente o conforto com o design ergon\u00f4mico e malha respir\u00e1vel da cadeira de escrit\u00f3rio Offy Elya. Ideal para profissionais em qualquer local de trabalho.\" \/>\n<meta name=\"robots\" content=\"index, follow, max-snippet:-1, max-image-preview:large, max-video-preview:-1\" \/>\n<link rel=\"canonical\" href=\"https:\/\/offy.pt\/index.php\/cadeiras-escritorio-elya\/\" \/>\n<meta property=\"og:locale\" content=\"en_GB\" \/>\n<meta property=\"og:type\" content=\"article\" \/>\n<meta property=\"og:title\" content=\"Offy Elya: Cadeira de Escrit\u00f3rio em Malha respir\u00e1vel Ergon\u00f3mica\" \/>\n<meta property=\"og:description\" content=\"Aumente o conforto com o design ergon\u00f4mico e malha respir\u00e1vel da cadeira de escrit\u00f3rio Offy Elya. Ideal para profissionais em qualquer local de trabalho.\" \/>\n<meta property=\"og:url\" content=\"https:\/\/offy.pt\/index.php\/cadeiras-escritorio-elya\/\" \/>\n<meta property=\"og:site_name\" content=\"Offy\" \/>\n<meta property=\"article:modified_time\" content=\"2024-11-22T11:15:50+00:00\" \/>\n<meta name=\"twitter:card\" content=\"summary_large_image\" \/>\n<meta name=\"twitter:label1\" content=\"Estimated reading time\" \/>\n\t<meta name=\"twitter:data1\" content=\"3 minutes\" \/>\n<script type=\"application\/ld+json\" class=\"yoast-schema-graph\">{\"@context\":\"https:\\\/\\\/schema.org\",\"@graph\":[{\"@type\":\"WebPage\",\"@id\":\"https:\\\/\\\/offy.pt\\\/index.php\\\/cadeiras-escritorio-elya\\\/\",\"url\":\"https:\\\/\\\/offy.pt\\\/index.php\\\/cadeiras-escritorio-elya\\\/\",\"name\":\"Offy Elya: Cadeira de Escrit\u00f3rio em Malha respir\u00e1vel Ergon\u00f3mica\",\"isPartOf\":{\"@id\":\"https:\\\/\\\/offy.pt\\\/#website\"},\"datePublished\":\"2024-05-28T10:37:28+00:00\",\"dateModified\":\"2024-11-22T11:15:50+00:00\",\"description\":\"Aumente o conforto com o design ergon\u00f4mico e malha respir\u00e1vel da cadeira de escrit\u00f3rio Offy Elya. Ideal para profissionais em qualquer local de trabalho.\",\"breadcrumb\":{\"@id\":\"https:\\\/\\\/offy.pt\\\/index.php\\\/cadeiras-escritorio-elya\\\/#breadcrumb\"},\"inLanguage\":\"en-GB\",\"potentialAction\":[{\"@type\":\"ReadAction\",\"target\":[\"https:\\\/\\\/offy.pt\\\/index.php\\\/cadeiras-escritorio-elya\\\/\"]}]},{\"@type\":\"BreadcrumbList\",\"@id\":\"https:\\\/\\\/offy.pt\\\/index.php\\\/cadeiras-escritorio-elya\\\/#breadcrumb\",\"itemListElement\":[{\"@type\":\"ListItem\",\"position\":1,\"name\":\"Home\",\"item\":\"https:\\\/\\\/offy.pt\\\/\"},{\"@type\":\"ListItem\",\"position\":2,\"name\":\"Elya &#8211; PT\"}]},{\"@type\":\"WebSite\",\"@id\":\"https:\\\/\\\/offy.pt\\\/#website\",\"url\":\"https:\\\/\\\/offy.pt\\\/\",\"name\":\"Offy - Equipamento de Escrit\u00f3rio\",\"description\":\"\",\"potentialAction\":[{\"@type\":\"SearchAction\",\"target\":{\"@type\":\"EntryPoint\",\"urlTemplate\":\"https:\\\/\\\/offy.pt\\\/?s={search_term_string}\"},\"query-input\":{\"@type\":\"PropertyValueSpecification\",\"valueRequired\":true,\"valueName\":\"search_term_string\"}}],\"inLanguage\":\"en-GB\"}]}<\/script>\n<!-- \/ Yoast SEO plugin. -->","yoast_head_json":{"title":"Offy Elya: Cadeira de Escrit\u00f3rio em Malha respir\u00e1vel Ergon\u00f3mica","description":"Aumente o conforto com o design ergon\u00f4mico e malha respir\u00e1vel da cadeira de escrit\u00f3rio Offy Elya. Ideal para profissionais em qualquer local de trabalho.","robots":{"index":"index","follow":"follow","max-snippet":"max-snippet:-1","max-image-preview":"max-image-preview:large","max-video-preview":"max-video-preview:-1"},"canonical":"https:\/\/offy.pt\/index.php\/cadeiras-escritorio-elya\/","og_locale":"en_GB","og_type":"article","og_title":"Offy Elya: Cadeira de Escrit\u00f3rio em Malha respir\u00e1vel Ergon\u00f3mica","og_description":"Aumente o conforto com o design ergon\u00f4mico e malha respir\u00e1vel da cadeira de escrit\u00f3rio Offy Elya. Ideal para profissionais em qualquer local de trabalho.","og_url":"https:\/\/offy.pt\/index.php\/cadeiras-escritorio-elya\/","og_site_name":"Offy","article_modified_time":"2024-11-22T11:15:50+00:00","twitter_card":"summary_large_image","twitter_misc":{"Estimated reading time":"3 minutes"},"schema":{"@context":"https:\/\/schema.org","@graph":[{"@type":"WebPage","@id":"https:\/\/offy.pt\/index.php\/cadeiras-escritorio-elya\/","url":"https:\/\/offy.pt\/index.php\/cadeiras-escritorio-elya\/","name":"Offy Elya: Cadeira de Escrit\u00f3rio em Malha respir\u00e1vel Ergon\u00f3mica","isPartOf":{"@id":"https:\/\/offy.pt\/#website"},"datePublished":"2024-05-28T10:37:28+00:00","dateModified":"2024-11-22T11:15:50+00:00","description":"Aumente o conforto com o design ergon\u00f4mico e malha respir\u00e1vel da cadeira de escrit\u00f3rio Offy Elya. Ideal para profissionais em qualquer local de trabalho.","breadcrumb":{"@id":"https:\/\/offy.pt\/index.php\/cadeiras-escritorio-elya\/#breadcrumb"},"inLanguage":"en-GB","potentialAction":[{"@type":"ReadAction","target":["https:\/\/offy.pt\/index.php\/cadeiras-escritorio-elya\/"]}]},{"@type":"BreadcrumbList","@id":"https:\/\/offy.pt\/index.php\/cadeiras-escritorio-elya\/#breadcrumb","itemListElement":[{"@type":"ListItem","position":1,"name":"Home","item":"https:\/\/offy.pt\/"},{"@type":"ListItem","position":2,"name":"Elya &#8211; PT"}]},{"@type":"WebSite","@id":"https:\/\/offy.pt\/#website","url":"https:\/\/offy.pt\/","name":"Offy - Equipamento de Escrit\u00f3rio","description":"","potentialAction":[{"@type":"SearchAction","target":{"@type":"EntryPoint","urlTemplate":"https:\/\/offy.pt\/?s={search_term_string}"},"query-input":{"@type":"PropertyValueSpecification","valueRequired":true,"valueName":"search_term_string"}}],"inLanguage":"en-GB"}]}},"_links":{"self":[{"href":"https:\/\/offy.pt\/index.php\/wp-json\/wp\/v2\/pages\/1584","targetHints":{"allow":["GET"]}}],"collection":[{"href":"https:\/\/offy.pt\/index.php\/wp-json\/wp\/v2\/pages"}],"about":[{"href":"https:\/\/offy.pt\/index.php\/wp-json\/wp\/v2\/types\/page"}],"author":[{"embeddable":true,"href":"https:\/\/offy.pt\/index.php\/wp-json\/wp\/v2\/users\/3"}],"replies":[{"embeddable":true,"href":"https:\/\/offy.pt\/index.php\/wp-json\/wp\/v2\/comments?post=1584"}],"version-history":[{"count":10,"href":"https:\/\/offy.pt\/index.php\/wp-json\/wp\/v2\/pages\/1584\/revisions"}],"predecessor-version":[{"id":1711,"href":"https:\/\/offy.pt\/index.php\/wp-json\/wp\/v2\/pages\/1584\/revisions\/1711"}],"wp:attachment":[{"href":"https:\/\/offy.pt\/index.php\/wp-json\/wp\/v2\/media?parent=1584"}],"curies":[{"name":"wp","href":"https:\/\/api.w.org\/{rel}","templated":true}]}}