{"id":3939,"date":"2026-09-04T10:42:11","date_gmt":"2026-09-04T09:42:11","guid":{"rendered":"https:\/\/offy.pt\/?page_id=3939"},"modified":"2026-09-04T11:03:12","modified_gmt":"2026-09-04T10:03:12","slug":"teclados-flexi-mid-doc-pt","status":"publish","type":"page","link":"https:\/\/offy.pt\/index.php\/teclados-flexi-mid-doc-pt\/","title":{"rendered":"Flexi Mid DoC &#8211; PT"},"content":{"rendered":"[vc_row type=&#8221;in_container&#8221; full_screen_row_position=&#8221;middle&#8221; column_margin=&#8221;default&#8221; column_direction=&#8221;default&#8221; column_direction_tablet=&#8221;default&#8221; column_direction_phone=&#8221;default&#8221; scene_position=&#8221;center&#8221; text_color=&#8221;dark&#8221; text_align=&#8221;left&#8221; row_border_radius=&#8221;none&#8221; row_border_radius_applies=&#8221;bg&#8221; row_position_desktop=&#8221;default&#8221; row_position_tablet=&#8221;inherit&#8221; row_position_phone=&#8221;inherit&#8221; overflow=&#8221;visible&#8221; overlay_strength=&#8221;0.3&#8243; gradient_direction=&#8221;left_to_right&#8221; shape_divider_position=&#8221;bottom&#8221; bg_image_animation=&#8221;none&#8221;][vc_column column_padding=&#8221;no-extra-padding&#8221; column_padding_tablet=&#8221;inherit&#8221; column_padding_phone=&#8221;inherit&#8221; column_padding_position=&#8221;all&#8221; flex_gap_desktop=&#8221;10px&#8221; column_element_direction_desktop=&#8221;default&#8221; column_element_spacing=&#8221;default&#8221; desktop_text_alignment=&#8221;default&#8221; tablet_text_alignment=&#8221;default&#8221; phone_text_alignment=&#8221;default&#8221; background_color_opacity=&#8221;1&#8243; background_hover_color_opacity=&#8221;1&#8243; column_backdrop_filter=&#8221;none&#8221; column_shadow=&#8221;none&#8221; column_border_radius=&#8221;none&#8221; column_link_target=&#8221;_self&#8221; column_position=&#8221;default&#8221; gradient_direction=&#8221;left_to_right&#8221; overlay_strength=&#8221;0.3&#8243; width=&#8221;1\/1&#8243; tablet_width_inherit=&#8221;default&#8221; animation_type=&#8221;default&#8221; bg_image_animation=&#8221;none&#8221; border_type=&#8221;simple&#8221; column_border_width=&#8221;none&#8221; column_border_style=&#8221;solid&#8221;][vc_column_text css=&#8221;&#8221; text_direction=&#8221;default&#8221;]\n<h2><span style=\"color: #009cdb;\">PORTAL DE CONFORMIDADE DO PRODUTO<\/span><\/h2>\n[\/vc_column_text][vc_row_inner equal_height=&#8221;yes&#8221; content_placement=&#8221;middle&#8221; column_margin=&#8221;default&#8221; column_direction=&#8221;default&#8221; column_direction_tablet=&#8221;default&#8221; column_direction_phone=&#8221;default&#8221; text_align=&#8221;left&#8221; row_position=&#8221;default&#8221; row_position_tablet=&#8221;inherit&#8221; row_position_phone=&#8221;inherit&#8221; overflow=&#8221;visible&#8221; pointer_events=&#8221;all&#8221;][vc_column_inner column_padding=&#8221;no-extra-padding&#8221; column_padding_tablet=&#8221;inherit&#8221; column_padding_phone=&#8221;inherit&#8221; column_padding_position=&#8221;all&#8221; flex_gap_desktop=&#8221;10px&#8221; column_element_direction_desktop=&#8221;default&#8221; column_element_spacing=&#8221;default&#8221; desktop_text_alignment=&#8221;default&#8221; tablet_text_alignment=&#8221;default&#8221; phone_text_alignment=&#8221;default&#8221; background_color_opacity=&#8221;1&#8243; background_hover_color_opacity=&#8221;1&#8243; column_backdrop_filter=&#8221;none&#8221; column_shadow=&#8221;none&#8221; column_border_radius=&#8221;none&#8221; column_link_target=&#8221;_self&#8221; overflow=&#8221;visible&#8221; gradient_direction=&#8221;left_to_right&#8221; overlay_strength=&#8221;0.3&#8243; width=&#8221;1\/2&#8243; tablet_width_inherit=&#8221;default&#8221; animation_type=&#8221;default&#8221; bg_image_animation=&#8221;none&#8221; border_type=&#8221;simple&#8221; column_border_width=&#8221;none&#8221; column_border_style=&#8221;solid&#8221;][image_with_animation image_url=&#8221;3941&#8243; image_size=&#8221;full&#8221; max_width=&#8221;100%&#8221; max_width_mobile=&#8221;default&#8221; animation_type=&#8221;entrance&#8221; animation=&#8221;None&#8221; animation_movement_type=&#8221;transform_y&#8221; hover_animation=&#8221;none&#8221; alignment=&#8221;&#8221; border_radius=&#8221;none&#8221; box_shadow=&#8221;none&#8221; image_loading=&#8221;default&#8221;][\/vc_column_inner][vc_column_inner column_padding=&#8221;no-extra-padding&#8221; column_padding_tablet=&#8221;inherit&#8221; column_padding_phone=&#8221;inherit&#8221; column_padding_position=&#8221;all&#8221; flex_gap_desktop=&#8221;10px&#8221; column_element_direction_desktop=&#8221;default&#8221; column_element_spacing=&#8221;default&#8221; desktop_text_alignment=&#8221;default&#8221; tablet_text_alignment=&#8221;default&#8221; phone_text_alignment=&#8221;default&#8221; background_color_opacity=&#8221;1&#8243; background_hover_color_opacity=&#8221;1&#8243; column_backdrop_filter=&#8221;none&#8221; column_shadow=&#8221;none&#8221; column_border_radius=&#8221;none&#8221; column_link_target=&#8221;_self&#8221; overflow=&#8221;visible&#8221; gradient_direction=&#8221;left_to_right&#8221; overlay_strength=&#8221;0.3&#8243; width=&#8221;1\/2&#8243; tablet_width_inherit=&#8221;default&#8221; animation_type=&#8221;default&#8221; bg_image_animation=&#8221;none&#8221; border_type=&#8221;simple&#8221; column_border_width=&#8221;none&#8221; column_border_style=&#8221;solid&#8221;][vc_column_text css=&#8221;&#8221; text_direction=&#8221;default&#8221;]\n<h2>Offy Flexi Mid &#8211; Teclado Sem Fios \/ Bluetooth<\/h2>\n<p>&nbsp;<\/p>\n<p>SKU: OFFYFLEXIMIDPT \/ EAN: 5600413208182[\/vc_column_text][\/vc_column_inner][\/vc_row_inner][divider line_type=&#8221;No Line&#8221; custom_height=&#8221;30&#8243;][vc_column_text css=&#8221;&#8221; text_direction=&#8221;default&#8221;]\n<h2>Bateria \u2013 Regulamento (UE) 2023\/1542<\/h2>\n[\/vc_column_text][toggles style=&#8221;minimal&#8221;][toggle color=&#8221;Default&#8221; heading_tag=&#8221;h3&#8243; heading_tag_functionality=&#8221;default&#8221; title=&#8221;Declara\u00e7\u00e3o de Conformidade da Bateria&#8221;][nectar_cta btn_style=&#8221;basic&#8221; heading_tag=&#8221;span&#8221; border_radius=&#8221;6&#8243; link_type=&#8221;new_tab&#8221; button_color=&#8221;accent-color&#8221; text_color=&#8221;#ffffff&#8221; button_border_thickness=&#8221;0px&#8221; alignment=&#8221;left&#8221; alignment_tablet=&#8221;default&#8221; alignment_phone=&#8221;default&#8221; display=&#8221;block&#8221; display_tablet=&#8221;inherit&#8221; display_phone=&#8221;inherit&#8221; icon_family=&#8221;none&#8221; icon_alignment=&#8221;left&#8221; link_text=&#8221;DOWNLOAD&#8221; font_size_desktop=&#8221;1em&#8221; url=&#8221;\/downloads\/flexi_mid\/BAT_DoC_EN_PT_ES_Offy_Flexi_Mid.pdf&#8221; padding_top=&#8221;0.65em&#8221; padding_bottom=&#8221;0.65em&#8221; padding_left=&#8221;1.5em&#8221; padding_right=&#8221;1.5em&#8221;][\/toggle][toggle color=&#8221;Default&#8221; heading_tag=&#8221;default&#8221; heading_tag_functionality=&#8221;default&#8221; title=&#8221;Informa\u00e7\u00f5es sobre Res\u00edduos de Baterias&#8221;][vc_column_text css=&#8221;&#8221; text_direction=&#8221;default&#8221;]<strong>Prolongar a vida \u00fatil da bateria e reutiliza\u00e7\u00e3o<\/strong><br \/>\nPara prolongar a vida \u00fatil da bateria contida neste produto, evite exp\u00f4-la a temperaturas extremas, evite descargas completas sempre que poss\u00edvel e guarde o produto com uma carga parcial (aproximadamente 40\u201360%) se n\u00e3o for utilizado durante per\u00edodos prolongados. Se o produto ou a bateria ainda estiverem funcionais, mas j\u00e1 n\u00e3o forem necess\u00e1rios, considere a doa\u00e7\u00e3o ou a reutiliza\u00e7\u00e3o antes de proceder \u00e0 sua elimina\u00e7\u00e3o.<\/p>\n<p><strong>O seu papel na recolha seletiva<\/strong><br \/>\nNo fim da sua vida \u00fatil, a bateria contida neste produto n\u00e3o deve ser descartada juntamente com o lixo dom\u00e9stico indiferenciado. \u00c9 respons\u00e1vel por entreg\u00e1-la num ponto de recolha adequado. Pode entregar o produto na totalidade, mantendo a bateria no seu interior \u2014 n\u00e3o necessita de a retirar previamente.<\/p>\n<p><strong>Pontos de recolha dispon\u00edveis<\/strong><br \/>\nOs pontos de recolha que aceitam baterias est\u00e3o dispon\u00edveis atrav\u00e9s de redes nacionais de retoma de baterias, retalhistas aderentes e ecocentros municipais. Para encontrar o ponto de recolha mais pr\u00f3ximo de si, consulte ou contacte os seus servi\u00e7os municipais locais.<\/p>\n<p><strong>Instru\u00e7\u00f5es de seguran\u00e7a<\/strong><br \/>\nEste produto cont\u00e9m uma bateria de i\u00f5es de l\u00edtio. N\u00e3o perfure, esmague, deforme, desmonte nem exponha a bateria a temperaturas superiores a 60 \u00b0C, e nunca a elimine no fogo. N\u00e3o continue a utilizar o produto se a bateria apresentar sinais de incha\u00e7o, fuga ou danos \u2014 nesses casos, manuseie-a com cuidado e leve-a diretamente a um ponto de recolha, evitando o contacto da pele ou dos olhos com qualquer subst\u00e2ncia derramada.<\/p>\n<p><strong>Significado dos s\u00edmbolos<\/strong><br \/>\nO s\u00edmbolo do contentor de lixo sobre rodas barrado com uma cruz presente na bateria e\/ou na sua embalagem indica que a bateria n\u00e3o deve ser descartada como lixo comum, devendo ser entregue para recolha seletiva. Se presentes, os s\u00edmbolos qu\u00edmicos \u201cCd\u201d ou \u201cPb\u201d indicam que a bateria cont\u00e9m c\u00e1dmio ou chumbo acima dos limiares regulamentares.<\/p>\n<p><img decoding=\"async\" src=\"https:\/\/offy.pt\/wp-content\/uploads\/2026\/08\/3-36.png\" \/><br \/>\n<strong>Impacto de subst\u00e2ncias perigosas<\/strong><br \/>\nA elimina\u00e7\u00e3o inadequada de baterias pode resultar na liberta\u00e7\u00e3o de subst\u00e2ncias perigosas para o solo e para a \u00e1gua, representando riscos para a sa\u00fade humana e para o ambiente, podendo tamb\u00e9m criar riscos de inc\u00eandio nos fluxos de res\u00edduos gerais. A recolha seletiva e a reciclagem ajudam a preservar os recursos naturais e a prevenir estes impactos negativos.[\/vc_column_text][\/toggle][\/toggles][divider line_type=&#8221;No Line&#8221; custom_height=&#8221;80&#8243;][vc_column_text css=&#8221;&#8221; text_direction=&#8221;default&#8221;]\n<h2>Produto \u2013 Diretivas RED \/ GPSR \/ REEE \/ RoHS \/ REACH \/ Carregador Comum<\/h2>\n[\/vc_column_text][toggles style=&#8221;minimal&#8221;][toggle color=&#8221;Default&#8221; heading_tag=&#8221;h3&#8243; heading_tag_functionality=&#8221;default&#8221; title=&#8221;Declara\u00e7\u00e3o de Conformidade RED (2014\/53\/EU)&#8221;][nectar_cta btn_style=&#8221;basic&#8221; heading_tag=&#8221;span&#8221; border_radius=&#8221;6&#8243; link_type=&#8221;new_tab&#8221; button_color=&#8221;accent-color&#8221; text_color=&#8221;#ffffff&#8221; button_border_thickness=&#8221;0px&#8221; alignment=&#8221;left&#8221; alignment_tablet=&#8221;default&#8221; alignment_phone=&#8221;default&#8221; display=&#8221;block&#8221; display_tablet=&#8221;inherit&#8221; display_phone=&#8221;inherit&#8221; icon_family=&#8221;none&#8221; icon_alignment=&#8221;left&#8221; link_text=&#8221;DOWNLOAD&#8221; font_size_desktop=&#8221;1em&#8221; url=&#8221;\/downloads\/flexi_mid\/RED_DoC_EN_PT_ES_Offy_Flexi_Mid.pdf&#8221; padding_top=&#8221;0.65em&#8221; padding_bottom=&#8221;0.65em&#8221; padding_left=&#8221;1.5em&#8221; padding_right=&#8221;1.5em&#8221;][\/toggle][toggle color=&#8221;Default&#8221; heading_tag=&#8221;default&#8221; heading_tag_functionality=&#8221;default&#8221; title=&#8221;Identifica\u00e7\u00e3o GPSR &#8211; Regulamento (EU) 2023\/988&#8243;][vc_column_text css=&#8221;&#8221; text_direction=&#8221;default&#8221;]Fabricante: FJMPC Inform\u00e1tica, Com\u00e9rcio e Servi\u00e7os Lda \u2013 Zona Industrial de Almeirim, Lote 59, 2080-220 Almeirim, Portugal; que coloca o produto no mercado da UE sob a sua pr\u00f3pria marca comercial \u201cOFFY\u201d. | Fabricado na China<\/p>\n<p>Para suporte t\u00e9cnico, reclama\u00e7\u00f5es ou para comunicar qualquer problema de seguran\u00e7a com este produto, por favor, utilize o formul\u00e1rio de contacto <a href=\"https:\/\/offy.pt\/index.php\/contacto\/\" target=\"_blank\" rel=\"noopener\">aqui.<\/a>[\/vc_column_text][\/toggle][toggle color=&#8221;Default&#8221; heading_tag=&#8221;default&#8221; heading_tag_functionality=&#8221;default&#8221; title=&#8221;Informa\u00e7\u00e3o sobre Res\u00edduos de Equipamentos El\u00e9tricos e Eletr\u00f3nicos (REEE) (Diretiva 2012\/19\/EU)&#8221;][vc_column_text css=&#8221;&#8221; text_direction=&#8221;default&#8221;]<strong>O seu papel na recolha seletiva<br \/>\n<\/strong>No final da sua vida \u00fatil, este produto n\u00e3o deve ser eliminado juntamente com os res\u00edduos dom\u00e9sticos indiferenciados. Como equipamento el\u00e9trico e eletr\u00f3nico, est\u00e1 sujeito a recolha seletiva. Se a bateria ainda estiver no interior do produto, n\u00e3o \u00e9 necess\u00e1rio remov\u00ea-la antes de entregar o produto \u2014 a separa\u00e7\u00e3o da bateria, quando necess\u00e1ria, \u00e9 efetuada na instala\u00e7\u00e3o de tratamento de res\u00edduos e n\u00e3o pelo utilizador.<\/p>\n<p><strong>Pontos de recolha dispon\u00edveis<br \/>\n<\/strong>Os pontos de recolha que aceitam equipamentos el\u00e9tricos e eletr\u00f3nicos est\u00e3o dispon\u00edveis atrav\u00e9s de comerciantes aderentes e ecocentros municipais. Para encontrar o ponto de recolha mais pr\u00f3ximo de si, consulte ou contacte os seus servi\u00e7os municipais locais.<\/p>\n<p><strong>O seu papel na reutiliza\u00e7\u00e3o e valoriza\u00e7\u00e3o<br \/>\n<\/strong>Ao entregar este produto para recolha seletiva em vez de o juntar ao lixo comum, contribui para a sua reutiliza\u00e7\u00e3o, reciclagem e outras formas de valoriza\u00e7\u00e3o de materiais, apoiando uma utiliza\u00e7\u00e3o mais eficiente dos recursos.<\/p>\n<p><strong>Significado do s\u00edmbolo<br \/>\n<\/strong>O s\u00edmbolo do contentor de lixo com rodas riscado presente no produto e\/ou na respetiva embalagem indica que este artigo n\u00e3o deve ser eliminado como res\u00edduo indiferenciado, devendo ser entregue para recolha seletiva. Este s\u00edmbolo refere-se especificamente ao produto enquanto equipamento el\u00e9trico\/eletr\u00f3nico \u2014 uma bateria existente no interior do produto ostenta o seu pr\u00f3prio s\u00edmbolo e obriga\u00e7\u00e3o separados (consulte as informa\u00e7\u00f5es de elimina\u00e7\u00e3o pr\u00f3prias da bateria).<\/p>\n<p><img decoding=\"async\" src=\"https:\/\/offy.pt\/wp-content\/uploads\/2026\/08\/3-32.png\" \/><br \/>\n<strong>Impacto da elimina\u00e7\u00e3o inadequada<br \/>\n<\/strong>Os res\u00edduos el\u00e9tricos e eletr\u00f3nicos podem conter subst\u00e2ncias e materiais que representam riscos para a sa\u00fade humana e para o ambiente se n\u00e3o forem devidamente tratados, podendo incluir metais e pl\u00e1sticos cuja recupera\u00e7\u00e3o reduz a necessidade de extra\u00e7\u00e3o de mat\u00e9rias-primas virgens. A recolha seletiva e a reciclagem ajudam a prevenir estes impactos negativos e a preservar os recursos naturais.[\/vc_column_text][\/toggle][toggle color=&#8221;Default&#8221; heading_tag=&#8221;h3&#8243; heading_tag_functionality=&#8221;default&#8221; title=&#8221;Declara\u00e7\u00e3o de Conformidade RoHS (2011\/65\/EU)&#8221;][nectar_cta btn_style=&#8221;basic&#8221; heading_tag=&#8221;span&#8221; border_radius=&#8221;6&#8243; link_type=&#8221;new_tab&#8221; button_color=&#8221;accent-color&#8221; text_color=&#8221;#ffffff&#8221; button_border_thickness=&#8221;0px&#8221; alignment=&#8221;left&#8221; alignment_tablet=&#8221;default&#8221; alignment_phone=&#8221;default&#8221; display=&#8221;block&#8221; display_tablet=&#8221;inherit&#8221; display_phone=&#8221;inherit&#8221; icon_family=&#8221;none&#8221; icon_alignment=&#8221;left&#8221; link_text=&#8221;DOWNLOAD&#8221; font_size_desktop=&#8221;1em&#8221; url=&#8221;\/downloads\/flexi_mid\/RoHS_DoC_EN_PT_ES_Offy_Flexi_Mid.pdf&#8221; padding_top=&#8221;0.65em&#8221; padding_bottom=&#8221;0.65em&#8221; padding_left=&#8221;1.5em&#8221; padding_right=&#8221;1.5em&#8221;][\/toggle][toggle color=&#8221;Default&#8221; heading_tag=&#8221;h3&#8243; heading_tag_functionality=&#8221;default&#8221; title=&#8221;Declara\u00e7\u00e3o REACH &#8211; Regulamento (EU) 1907\/2006&#8243;][nectar_cta btn_style=&#8221;basic&#8221; heading_tag=&#8221;span&#8221; border_radius=&#8221;6&#8243; link_type=&#8221;new_tab&#8221; button_color=&#8221;accent-color&#8221; text_color=&#8221;#ffffff&#8221; button_border_thickness=&#8221;0px&#8221; alignment=&#8221;left&#8221; alignment_tablet=&#8221;default&#8221; alignment_phone=&#8221;default&#8221; display=&#8221;block&#8221; display_tablet=&#8221;inherit&#8221; display_phone=&#8221;inherit&#8221; icon_family=&#8221;none&#8221; icon_alignment=&#8221;left&#8221; link_text=&#8221;DOWNLOAD&#8221; font_size_desktop=&#8221;1em&#8221; url=&#8221;\/downloads\/flexi_mid\/REACH_DoC_EN_PT_ES_Offy_Flexi_Mid.pdf&#8221; padding_top=&#8221;0.65em&#8221; padding_bottom=&#8221;0.65em&#8221; padding_left=&#8221;1.5em&#8221; padding_right=&#8221;1.5em&#8221;][\/toggle][toggle color=&#8221;Default&#8221; heading_tag=&#8221;default&#8221; heading_tag_functionality=&#8221;default&#8221; title=&#8221;Carregador Comum &#8211; Diretiva (EU) 2022\/2380&#8243;][vc_column_text css=&#8221;&#8221; text_direction=&#8221;default&#8221;]Este produto \u00e9 carregado atrav\u00e9s de uma porta USB-C e n\u00e3o suporta carregamento r\u00e1pido.<br \/>\nA pot\u00eancia de carregamento deve situar-se entre um m\u00ednimo de 0.1 watts, exigido pelo equipamento, e um m\u00e1ximo de 1.15 watts para alcan\u00e7ar a velocidade m\u00e1xima de carregamento.<br \/>\nEste produto n\u00e3o \u00e9 vendido com um dispositivo de carregamento.<\/p>\n<p><img loading=\"lazy\" decoding=\"async\" class=\"alignnone size-full wp-image-3924\" src=\"https:\/\/offy.pt\/wp-content\/uploads\/2026\/09\/38.png\" alt=\"\" width=\"160\" height=\"81\" \/>[\/vc_column_text][\/toggle][\/toggles][divider line_type=&#8221;No Line&#8221; custom_height=&#8221;80&#8243;][vc_column_text css=&#8221;&#8221; text_direction=&#8221;default&#8221;]\n<h2>Produto \u2013 Manual do Utilizador<\/h2>\n[\/vc_column_text][toggles style=&#8221;minimal&#8221;][toggle color=&#8221;Default&#8221; heading_tag=&#8221;h3&#8243; heading_tag_functionality=&#8221;default&#8221; title=&#8221;Instru\u00e7\u00f5es de utiliza\u00e7\u00e3o e seguran\u00e7a&#8221;][nectar_cta btn_style=&#8221;basic&#8221; heading_tag=&#8221;span&#8221; border_radius=&#8221;6&#8243; link_type=&#8221;regular&#8221; button_color=&#8221;accent-color&#8221; text_color=&#8221;#ffffff&#8221; button_border_thickness=&#8221;0px&#8221; alignment=&#8221;left&#8221; alignment_tablet=&#8221;default&#8221; alignment_phone=&#8221;default&#8221; display=&#8221;block&#8221; display_tablet=&#8221;inherit&#8221; display_phone=&#8221;inherit&#8221; icon_family=&#8221;none&#8221; icon_alignment=&#8221;left&#8221; link_text=&#8221;DOWNLOAD&#8221; font_size_desktop=&#8221;1em&#8221; url=&#8221;\/downloads\/flexi_mid\/offy_flexi_mid_user_guide_2026_PT.pdf&#8221; padding_top=&#8221;0.65em&#8221; padding_bottom=&#8221;0.65em&#8221; padding_left=&#8221;1.5em&#8221; padding_right=&#8221;1.5em&#8221;][\/toggle][\/toggles][divider line_type=&#8221;No Line&#8221; custom_height=&#8221;80&#8243;][\/vc_column][\/vc_row]\n","protected":false},"excerpt":{"rendered":"<p>[vc_row type=&#8221;in_container&#8221; full_screen_row_position=&#8221;middle&#8221; column_margin=&#8221;default&#8221; column_direction=&#8221;default&#8221; column_direction_tablet=&#8221;default&#8221; column_direction_phone=&#8221;default&#8221; scene_position=&#8221;center&#8221; text_color=&#8221;dark&#8221; text_align=&#8221;left&#8221; row_border_radius=&#8221;none&#8221; row_border_radius_applies=&#8221;bg&#8221; row_position_desktop=&#8221;default&#8221; row_position_tablet=&#8221;inherit&#8221; row_position_phone=&#8221;inherit&#8221; overflow=&#8221;visible&#8221; overlay_strength=&#8221;0.3&#8243; gradient_direction=&#8221;left_to_right&#8221; shape_divider_position=&#8221;bottom&#8221; bg_image_animation=&#8221;none&#8221;][vc_column column_padding=&#8221;no-extra-padding&#8221; column_padding_tablet=&#8221;inherit&#8221; column_padding_phone=&#8221;inherit&#8221; column_padding_position=&#8221;all&#8221; flex_gap_desktop=&#8221;10px&#8221; column_element_direction_desktop=&#8221;default&#8221; column_element_spacing=&#8221;default&#8221; desktop_text_alignment=&#8221;default&#8221; tablet_text_alignment=&#8221;default&#8221; phone_text_alignment=&#8221;default&#8221;&#8230;<\/p>\n","protected":false},"author":1,"featured_media":0,"parent":0,"menu_order":0,"comment_status":"closed","ping_status":"closed","template":"","meta":{"footnotes":""},"class_list":["post-3939","page","type-page","status-publish"],"yoast_head":"<!-- This site is optimized with the Yoast SEO plugin v28.4 - https:\/\/yoast.com\/product\/yoast-seo-wordpress\/ -->\n<title>Offy Flexi Mid - Portal de Conformidade do Produto<\/title>\n<meta name=\"description\" content=\"Portal de Conformidade do Produto de acordo com as Diretivas e Regulamentos da Uni\u00e3o Europeia.\" \/>\n<meta name=\"robots\" content=\"index, follow, max-snippet:-1, max-image-preview:large, max-video-preview:-1\" \/>\n<link rel=\"canonical\" href=\"https:\/\/offy.pt\/index.php\/teclados-flexi-mid-doc-pt\/\" \/>\n<meta property=\"og:locale\" content=\"en_GB\" \/>\n<meta property=\"og:type\" content=\"article\" \/>\n<meta property=\"og:title\" content=\"Offy Flexi Mid - Portal de Conformidade do Produto\" \/>\n<meta property=\"og:description\" content=\"Portal de Conformidade do Produto de acordo com as Diretivas e Regulamentos da Uni\u00e3o Europeia.\" \/>\n<meta property=\"og:url\" content=\"https:\/\/offy.pt\/index.php\/teclados-flexi-mid-doc-pt\/\" \/>\n<meta property=\"og:site_name\" content=\"Offy\" \/>\n<meta property=\"article:modified_time\" content=\"2026-09-04T10:03:12+00:00\" \/>\n<meta property=\"og:image\" content=\"https:\/\/offy.pt\/wp-content\/uploads\/2026\/08\/3-36.png\" \/>\n<meta name=\"twitter:card\" content=\"summary_large_image\" \/>\n<meta name=\"twitter:label1\" content=\"Estimated reading time\" \/>\n\t<meta name=\"twitter:data1\" content=\"5 minutes\" \/>\n<script type=\"application\/ld+json\" class=\"yoast-schema-graph\">{\"@context\":\"https:\\\/\\\/schema.org\",\"@graph\":[{\"@type\":\"WebPage\",\"@id\":\"https:\\\/\\\/offy.pt\\\/index.php\\\/teclados-flexi-mid-doc-pt\\\/\",\"url\":\"https:\\\/\\\/offy.pt\\\/index.php\\\/teclados-flexi-mid-doc-pt\\\/\",\"name\":\"Offy Flexi Mid - Portal de Conformidade do Produto\",\"isPartOf\":{\"@id\":\"https:\\\/\\\/offy.pt\\\/#website\"},\"primaryImageOfPage\":{\"@id\":\"https:\\\/\\\/offy.pt\\\/index.php\\\/teclados-flexi-mid-doc-pt\\\/#primaryimage\"},\"image\":{\"@id\":\"https:\\\/\\\/offy.pt\\\/index.php\\\/teclados-flexi-mid-doc-pt\\\/#primaryimage\"},\"thumbnailUrl\":\"https:\\\/\\\/offy.pt\\\/wp-content\\\/uploads\\\/2026\\\/08\\\/3-36.png\",\"datePublished\":\"2026-09-04T09:42:11+00:00\",\"dateModified\":\"2026-09-04T10:03:12+00:00\",\"description\":\"Portal de Conformidade do Produto de acordo com as Diretivas e Regulamentos da Uni\u00e3o Europeia.\",\"breadcrumb\":{\"@id\":\"https:\\\/\\\/offy.pt\\\/index.php\\\/teclados-flexi-mid-doc-pt\\\/#breadcrumb\"},\"inLanguage\":\"en-GB\",\"potentialAction\":[{\"@type\":\"ReadAction\",\"target\":[\"https:\\\/\\\/offy.pt\\\/index.php\\\/teclados-flexi-mid-doc-pt\\\/\"]}]},{\"@type\":\"ImageObject\",\"inLanguage\":\"en-GB\",\"@id\":\"https:\\\/\\\/offy.pt\\\/index.php\\\/teclados-flexi-mid-doc-pt\\\/#primaryimage\",\"url\":\"https:\\\/\\\/offy.pt\\\/wp-content\\\/uploads\\\/2026\\\/08\\\/3-36.png\",\"contentUrl\":\"https:\\\/\\\/offy.pt\\\/wp-content\\\/uploads\\\/2026\\\/08\\\/3-36.png\",\"width\":240,\"height\":80},{\"@type\":\"BreadcrumbList\",\"@id\":\"https:\\\/\\\/offy.pt\\\/index.php\\\/teclados-flexi-mid-doc-pt\\\/#breadcrumb\",\"itemListElement\":[{\"@type\":\"ListItem\",\"position\":1,\"name\":\"Home\",\"item\":\"https:\\\/\\\/offy.pt\\\/\"},{\"@type\":\"ListItem\",\"position\":2,\"name\":\"Flexi Mid DoC &#8211; PT\"}]},{\"@type\":\"WebSite\",\"@id\":\"https:\\\/\\\/offy.pt\\\/#website\",\"url\":\"https:\\\/\\\/offy.pt\\\/\",\"name\":\"Offy - Equipamento de Escrit\u00f3rio\",\"description\":\"\",\"potentialAction\":[{\"@type\":\"SearchAction\",\"target\":{\"@type\":\"EntryPoint\",\"urlTemplate\":\"https:\\\/\\\/offy.pt\\\/?s={search_term_string}\"},\"query-input\":{\"@type\":\"PropertyValueSpecification\",\"valueRequired\":true,\"valueName\":\"search_term_string\"}}],\"inLanguage\":\"en-GB\"}]}<\/script>\n<!-- \/ Yoast SEO plugin. -->","yoast_head_json":{"title":"Offy Flexi Mid - Portal de Conformidade do Produto","description":"Portal de Conformidade do Produto de acordo com as Diretivas e Regulamentos da Uni\u00e3o Europeia.","robots":{"index":"index","follow":"follow","max-snippet":"max-snippet:-1","max-image-preview":"max-image-preview:large","max-video-preview":"max-video-preview:-1"},"canonical":"https:\/\/offy.pt\/index.php\/teclados-flexi-mid-doc-pt\/","og_locale":"en_GB","og_type":"article","og_title":"Offy Flexi Mid - Portal de Conformidade do Produto","og_description":"Portal de Conformidade do Produto de acordo com as Diretivas e Regulamentos da Uni\u00e3o Europeia.","og_url":"https:\/\/offy.pt\/index.php\/teclados-flexi-mid-doc-pt\/","og_site_name":"Offy","article_modified_time":"2026-09-04T10:03:12+00:00","og_image":[{"url":"https:\/\/offy.pt\/wp-content\/uploads\/2026\/08\/3-36.png","type":"","width":"","height":""}],"twitter_card":"summary_large_image","twitter_misc":{"Estimated reading time":"5 minutes"},"schema":{"@context":"https:\/\/schema.org","@graph":[{"@type":"WebPage","@id":"https:\/\/offy.pt\/index.php\/teclados-flexi-mid-doc-pt\/","url":"https:\/\/offy.pt\/index.php\/teclados-flexi-mid-doc-pt\/","name":"Offy Flexi Mid - Portal de Conformidade do Produto","isPartOf":{"@id":"https:\/\/offy.pt\/#website"},"primaryImageOfPage":{"@id":"https:\/\/offy.pt\/index.php\/teclados-flexi-mid-doc-pt\/#primaryimage"},"image":{"@id":"https:\/\/offy.pt\/index.php\/teclados-flexi-mid-doc-pt\/#primaryimage"},"thumbnailUrl":"https:\/\/offy.pt\/wp-content\/uploads\/2026\/08\/3-36.png","datePublished":"2026-09-04T09:42:11+00:00","dateModified":"2026-09-04T10:03:12+00:00","description":"Portal de Conformidade do Produto de acordo com as Diretivas e Regulamentos da Uni\u00e3o Europeia.","breadcrumb":{"@id":"https:\/\/offy.pt\/index.php\/teclados-flexi-mid-doc-pt\/#breadcrumb"},"inLanguage":"en-GB","potentialAction":[{"@type":"ReadAction","target":["https:\/\/offy.pt\/index.php\/teclados-flexi-mid-doc-pt\/"]}]},{"@type":"ImageObject","inLanguage":"en-GB","@id":"https:\/\/offy.pt\/index.php\/teclados-flexi-mid-doc-pt\/#primaryimage","url":"https:\/\/offy.pt\/wp-content\/uploads\/2026\/08\/3-36.png","contentUrl":"https:\/\/offy.pt\/wp-content\/uploads\/2026\/08\/3-36.png","width":240,"height":80},{"@type":"BreadcrumbList","@id":"https:\/\/offy.pt\/index.php\/teclados-flexi-mid-doc-pt\/#breadcrumb","itemListElement":[{"@type":"ListItem","position":1,"name":"Home","item":"https:\/\/offy.pt\/"},{"@type":"ListItem","position":2,"name":"Flexi Mid DoC &#8211; PT"}]},{"@type":"WebSite","@id":"https:\/\/offy.pt\/#website","url":"https:\/\/offy.pt\/","name":"Offy - Equipamento de Escrit\u00f3rio","description":"","potentialAction":[{"@type":"SearchAction","target":{"@type":"EntryPoint","urlTemplate":"https:\/\/offy.pt\/?s={search_term_string}"},"query-input":{"@type":"PropertyValueSpecification","valueRequired":true,"valueName":"search_term_string"}}],"inLanguage":"en-GB"}]}},"_links":{"self":[{"href":"https:\/\/offy.pt\/index.php\/wp-json\/wp\/v2\/pages\/3939","targetHints":{"allow":["GET"]}}],"collection":[{"href":"https:\/\/offy.pt\/index.php\/wp-json\/wp\/v2\/pages"}],"about":[{"href":"https:\/\/offy.pt\/index.php\/wp-json\/wp\/v2\/types\/page"}],"author":[{"embeddable":true,"href":"https:\/\/offy.pt\/index.php\/wp-json\/wp\/v2\/users\/1"}],"replies":[{"embeddable":true,"href":"https:\/\/offy.pt\/index.php\/wp-json\/wp\/v2\/comments?post=3939"}],"version-history":[{"count":3,"href":"https:\/\/offy.pt\/index.php\/wp-json\/wp\/v2\/pages\/3939\/revisions"}],"predecessor-version":[{"id":3944,"href":"https:\/\/offy.pt\/index.php\/wp-json\/wp\/v2\/pages\/3939\/revisions\/3944"}],"wp:attachment":[{"href":"https:\/\/offy.pt\/index.php\/wp-json\/wp\/v2\/media?parent=3939"}],"curies":[{"name":"wp","href":"https:\/\/api.w.org\/{rel}","templated":true}]}}